{"id":3135,"date":"2021-10-14T19:22:55","date_gmt":"2021-10-14T19:22:55","guid":{"rendered":"https:\/\/www.gruposdiferenciales.es\/politique-de-confidentialite\/"},"modified":"2024-12-02T12:06:24","modified_gmt":"2024-12-02T12:06:24","slug":"politique-de-confidentialite","status":"publish","type":"page","link":"https:\/\/www.gruposdiferenciales.es\/fr\/politique-de-confidentialite\/","title":{"rendered":"Politique de confidentialit\u00e9"},"content":{"rendered":"\t\t<div data-elementor-type=\"wp-page\" data-elementor-id=\"3135\" class=\"elementor elementor-3135 elementor-3\" data-elementor-post-type=\"page\">\n\t\t\t\t\t\t<section class=\"elementor-section elementor-top-section elementor-element elementor-element-ce6013b elementor-section-boxed elementor-section-height-default elementor-section-height-default\" data-id=\"ce6013b\" data-element_type=\"section\" data-settings=\"{&quot;background_background&quot;:&quot;classic&quot;,&quot;background_motion_fx_motion_fx_scrolling&quot;:&quot;yes&quot;,&quot;background_motion_fx_translateY_effect&quot;:&quot;yes&quot;,&quot;background_motion_fx_translateY_speed&quot;:{&quot;unit&quot;:&quot;px&quot;,&quot;size&quot;:4,&quot;sizes&quot;:[]},&quot;background_motion_fx_translateY_affectedRange&quot;:{&quot;unit&quot;:&quot;%&quot;,&quot;size&quot;:&quot;&quot;,&quot;sizes&quot;:{&quot;start&quot;:0,&quot;end&quot;:100}},&quot;background_motion_fx_devices&quot;:[&quot;desktop&quot;,&quot;tablet&quot;,&quot;mobile&quot;]}\">\n\t\t\t\t\t\t<div class=\"elementor-container elementor-column-gap-default\">\n\t\t\t\t\t<div class=\"elementor-column elementor-col-100 elementor-top-column elementor-element elementor-element-4bb9f43\" data-id=\"4bb9f43\" data-element_type=\"column\">\n\t\t\t<div class=\"elementor-widget-wrap elementor-element-populated\">\n\t\t\t\t\t\t<div class=\"elementor-element elementor-element-23a7154 elementor-widget elementor-widget-heading\" data-id=\"23a7154\" data-element_type=\"widget\" data-widget_type=\"heading.default\">\n\t\t\t\t<div class=\"elementor-widget-container\">\n\t\t\t\t\t<h1 class=\"elementor-heading-title elementor-size-default\">Politique de confidentialit\u00e9<\/h1>\t\t\t\t<\/div>\n\t\t\t\t<\/div>\n\t\t\t\t<div class=\"elementor-element elementor-element-74652c3 elementor-widget elementor-widget-text-editor\" data-id=\"74652c3\" data-element_type=\"widget\" data-widget_type=\"text-editor.default\">\n\t\t\t\t<div class=\"elementor-widget-container\">\n\t\t\t\t\t\t\t\t\t<p>Leaders en conception et fabrication d&#8217;engrenages<\/p>\n\t\t\t\t\t\t\t\t<\/div>\n\t\t\t\t<\/div>\n\t\t\t\t\t<\/div>\n\t\t<\/div>\n\t\t\t\t\t<\/div>\n\t\t<\/section>\n\t\t\t\t<section class=\"elementor-section elementor-top-section elementor-element elementor-element-945e7a3 elementor-section-boxed elementor-section-height-default elementor-section-height-default\" data-id=\"945e7a3\" data-element_type=\"section\">\n\t\t\t\t\t\t<div class=\"elementor-container elementor-column-gap-default\">\n\t\t\t\t\t<div class=\"elementor-column elementor-col-100 elementor-top-column elementor-element elementor-element-db713e0\" data-id=\"db713e0\" data-element_type=\"column\">\n\t\t\t<div class=\"elementor-widget-wrap elementor-element-populated\">\n\t\t\t\t\t\t<div class=\"elementor-element elementor-element-ac94f7c textosLegales elementor-widget elementor-widget-text-editor\" data-id=\"ac94f7c\" data-element_type=\"widget\" data-widget_type=\"text-editor.default\">\n\t\t\t\t<div class=\"elementor-widget-container\">\n\t\t\t\t\t\t\t\t\t<p>Chez Grupos Diferenciales, S.A., nous sommes soucieux des donn\u00e9es personnelles que nous traitons et du respect exact de la r\u00e9glementation en vigueur en mati\u00e8re de protection des donn\u00e9es personnelles, entre autres, le R\u00e8glement (UE) 2016\/679 du Parlement europ\u00e9en et du Conseil du 27 avril 2016 relatif \u00e0 la protection des personnes physiques \u00e0 l&#8217;\u00e9gard du traitement des donn\u00e9es \u00e0 caract\u00e8re personnel et \u00e0 la libre circulation de ces donn\u00e9es, et abrogeant la directive 95\/46\/CE, ainsi que la loi organique 3\/2018, du 5 d\u00e9cembre, sur la protection des donn\u00e9es \u00e0 caract\u00e8re personnel et la garantie des droits num\u00e9riques.<\/p>\n<p>Par cons\u00e9quent, nous vous informons des questions suivantes relatives au traitement des donn\u00e9es personnelles que nous effectuons au sein de Grupos Diferenciales, S.A. :<\/p>\n<h5>Qui est responsable du traitement de vos donn\u00e9es personnelles ?<\/h5>\n<p><strong>Identit\u00e9 : <\/strong>Grupos Diferenciales, S.A.<br \/><strong>NUM\u00c9RO D&#8217;IDENTIFICATION FISCALE :<\/strong> A01002195<br \/><strong>Adresse postale :<\/strong> Portal de Bergara, n\u00ba 32<br \/>01013 Vitoria (\u00c1lava)<br \/><strong>T\u00e9l\u00e9phone :<\/strong> 945 260 100<br \/><strong>Courrier \u00e9lectronique : <\/strong>dataprotection@gruposdiferenciales.es<br \/><strong>Donn\u00e9es d&#8217;enregistrement : <\/strong>Grupos Diferenciales, S.A. est inscrite au registre des soci\u00e9t\u00e9s d&#8217;\u00c1lava, volume 56, livre 7 de la section des soci\u00e9t\u00e9s anonymes, folio 132, page VI-127, 1\u00e8re inscription.<\/p>\n<h5>Principes relatifs au traitement<\/h5>\n<p>Les principes requis par le R\u00e8glement (UE) 2016\/679 du Parlement europ\u00e9en et du Conseil du 27 avril 2016 relatif \u00e0 la protection des personnes physiques \u00e0 l&#8217;\u00e9gard du traitement des donn\u00e9es \u00e0 caract\u00e8re personnel et \u00e0 la libre circulation de ces donn\u00e9es, et abrogeant la directive 95\/46\/CE (ci-apr\u00e8s, GDPR) sont respect\u00e9s dans le traitement des donn\u00e9es \u00e0 caract\u00e8re personnel qui y est effectu\u00e9 :<\/p>\n<ul>\n<li><strong>Principe de l\u00e9galit\u00e9, d&#8217;\u00e9quit\u00e9 et de transparence :<\/strong> les donn\u00e9es que nous collectons sont trait\u00e9es de mani\u00e8re licite, loyale et transparente, avec le consentement pr\u00e9alable des personnes concern\u00e9es lorsque cela est n\u00e9cessaire ou, le cas \u00e9ch\u00e9ant, pour l&#8217;ex\u00e9cution d&#8217;un contrat auquel la personne concern\u00e9e est partie ou pour la mise en \u0153uvre, \u00e0 la demande de la personne concern\u00e9e, de mesures pr\u00e9contractuelles, ou si le traitement est n\u00e9cessaire au respect d&#8217;une obligation l\u00e9gale applicable, ou pour la r\u00e9alisation d&#8217;int\u00e9r\u00eats l\u00e9gitimes poursuivis par le responsable du traitement ou par un tiers, \u00e0 condition que ne pr\u00e9valent pas sur ces int\u00e9r\u00eats les int\u00e9r\u00eats ou les libert\u00e9s et droits fondamentaux de la personne concern\u00e9e qui exigent une protection des donn\u00e9es \u00e0 caract\u00e8re personnel, en particulier lorsque la personne concern\u00e9e est un enfant.<\/li>\n<li><strong>Principe de limitation de la finalit\u00e9 :<\/strong> les donn\u00e9es \u00e0 caract\u00e8re personnel que nous traitons sont utilis\u00e9es aux fins indiqu\u00e9es dans la section \u00ab \u00c0 quelles fins utilisons-nous vos donn\u00e9es \u00e0 caract\u00e8re personnel ?<\/li>\n<li><strong>Principe de minimisation des donn\u00e9es :<\/strong> conform\u00e9ment \u00e0 ce principe, les seules donn\u00e9es personnelles que nous collectons aupr\u00e8s des utilisateurs sont celles qui sont strictement n\u00e9cessaires \u00e0 la gestion des relations contractuelles et au traitement des questions et\/ou demandes qu&#8217;ils nous adressent.<\/li>\n<li><strong>Principe d&#8217;exactitude :<\/strong> les donn\u00e9es personnelles que nous demandons seront maintenues exactes et, si n\u00e9cessaire, mises \u00e0 jour. \u00c0 cette fin, en cas de modification des donn\u00e9es personnelles, l&#8217;utilisateur doit nous en informer afin que nous puissions proc\u00e9der \u00e0 la mise \u00e0 jour appropri\u00e9e. <\/li>\n<li><strong>Principe de limitation de la dur\u00e9e de conservation : <\/strong>les donn\u00e9es personnelles que nous traitons seront conserv\u00e9es pendant les p\u00e9riodes indiqu\u00e9es dans la section \u00ab Dur\u00e9e de conservation de vos donn\u00e9es personnelles \u00bb.<\/li>\n<li><strong>Principe d&#8217;int\u00e9grit\u00e9 et de confidentialit\u00e9 :<\/strong> pour respecter ce principe, les donn\u00e9es \u00e0 caract\u00e8re personnel seront trait\u00e9es de mani\u00e8re \u00e0 garantir une s\u00e9curit\u00e9 ad\u00e9quate des donn\u00e9es \u00e0 caract\u00e8re personnel, y compris la protection contre le traitement non autoris\u00e9 ou ill\u00e9gal et contre la perte, la destruction ou les dommages accidentels, en appliquant des mesures techniques et organisationnelles appropri\u00e9es.<\/li>\n<\/ul>\n<h5>Quelles sont les cat\u00e9gories de donn\u00e9es \u00e0 caract\u00e8re personnel que nous traitons ?<\/h5>\n<p>Les cat\u00e9gories de donn\u00e9es que nous traitons par l&#8217;interm\u00e9diaire du site web www.gruposdiferenciales.es sont les suivantes :<\/p>\n<ul>\n<li><strong>Donn\u00e9es collect\u00e9es par le biais du formulaire de contact : <\/strong>nom ; t\u00e9l\u00e9phone ; adresse \u00e9lectronique ; message.<\/li>\n<\/ul>\n<p>Nous ne traitons pas les donn\u00e9es que le r\u00e8glement g\u00e9n\u00e9ral sur la protection des donn\u00e9es qualifie de &#8220;<em>cat\u00e9gories particuli\u00e8res de donn\u00e9es<\/em> \u00bb (donn\u00e9es relatives \u00e0 la sant\u00e9, donn\u00e9es biom\u00e9triques, appartenance syndicale, etc.<\/p>\n<p>Toutes les donn\u00e9es personnelles demand\u00e9es dans le formulaire de contact, marqu\u00e9es comme \u00ab champ obligatoire \u00bb, sont celles qui sont n\u00e9cessaires pour g\u00e9rer les questions ou les demandes formul\u00e9es par les utilisateurs, de sorte qu&#8217;il est obligatoire de les fournir et que, si elles ne sont pas fournies, nous ne pourrons pas les traiter.<\/p>\n<h5>Comment avons-nous obtenu vos donn\u00e9es personnelles ?<\/h5>\n<p>Toutes les donn\u00e9es personnelles que nous traitons au sein de Grupos Diferenciales, S.A. nous sont fournies par les int\u00e9ress\u00e9s ou leurs repr\u00e9sentants l\u00e9gaux.<\/p>\n<p>Les donn\u00e9es personnelles que nous demandons par l&#8217;interm\u00e9diaire de ce site Web ont \u00e9t\u00e9 recueillies par le biais du formulaire de contact ou de l&#8217;adresse \u00e9lectronique fournie pour nous contacter.<\/p>\n<p>Les donn\u00e9es personnelles que nous demandons sont le minimum n\u00e9cessaire pour atteindre et respecter les objectifs correspondants, de sorte que, si elles ne sont pas fournies, nous ne pourrons pas les atteindre.<\/p>\n<h5>\u00c0 quelles fins utilisons-nous vos donn\u00e9es personnelles ?<\/h5>\n<p><strong>Donn\u00e9es du client :<\/strong> nous utilisons vos donn\u00e9es personnelles pour le maintien, le d\u00e9veloppement, l&#8217;ex\u00e9cution et le contr\u00f4le de la relation contractuelle et la fourniture des services que vous demandez, votre facturation, ainsi que pour l&#8217;envoi d&#8217;informations sur nos produits et services et d&#8217;autres questions relatives \u00e0 notre entreprise et \u00e0 notre domaine professionnel.<\/p>\n<p><strong>Donn\u00e9es des fournisseurs :<\/strong> nous utilisons vos donn\u00e9es personnelles pour le maintien, le d\u00e9veloppement, l&#8217;ex\u00e9cution et le contr\u00f4le de la relation contractuelle avec nos fournisseurs et des services qu&#8217;ils nous fournissent.<\/p>\n<p>De m\u00eame, en ce qui concerne les donn\u00e9es personnelles que certains fournisseurs nous fournissent sur leurs employ\u00e9s, elles seront utilis\u00e9es pour la coordination des activit\u00e9s de l&#8217;entreprise afin de respecter la loi 31\/1995, du 8 novembre, sur la pr\u00e9vention des risques professionnels, en ce qui concerne la coordination des activit\u00e9s de l&#8217;entreprise et le d\u00e9cret royal 171\/2004, du 30 janvier, qui d\u00e9veloppe l&#8217;article 24 de la m\u00eame loi.<\/p>\n<p><strong>Donn\u00e9es relatives au personnel :<\/strong> pour le maintien, le d\u00e9veloppement, l&#8217;ex\u00e9cution et le contr\u00f4le appropri\u00e9s de la relation contractuelle avec nos employ\u00e9s, ainsi que pour le respect de la r\u00e9glementation en vigueur en mati\u00e8re de travail, de s\u00e9curit\u00e9 sociale et de pr\u00e9vention des risques professionnels.<\/p>\n<p><strong>Donn\u00e9es relatives aux candidats :<\/strong> pour g\u00e9rer la participation des personnes int\u00e9ress\u00e9es aux processus de s\u00e9lection du personnel que nous menons \u00e0 bien.<\/p>\n<p><strong>Donn\u00e9es collect\u00e9es par le biais du formulaire de contact :<\/strong> les donn\u00e9es personnelles fournies par les utilisateurs sont utilis\u00e9es pour g\u00e9rer et r\u00e9pondre aux questions ou demandes qu&#8217;ils formulent.<\/p>\n<p><strong>Donn\u00e9es des utilisateurs de nos profils sur les r\u00e9seaux sociaux :<\/strong> pour interagir avec nos utilisateurs, principalement en r\u00e9pondant aux commentaires qu&#8217;ils font sur les publications que nous faisons sur les profils que nous avons sur diff\u00e9rents r\u00e9seaux sociaux.<\/p>\n<h5>Quelle est la base juridique du traitement de vos donn\u00e9es personnelles ?<\/h5>\n<p><strong>Donn\u00e9es des clients :<\/strong> la base juridique qui l\u00e9gitime le traitement des donn\u00e9es personnelles est leur n\u00e9cessit\u00e9 pour l&#8217;ex\u00e9cution d&#8217;un contrat auquel ils sont parties et, le cas \u00e9ch\u00e9ant, pour la satisfaction d&#8217;un int\u00e9r\u00eat l\u00e9gitime, conform\u00e9ment \u00e0 l&#8217;article 19.1 de la loi organique 3\/2018, du 5 d\u00e9cembre, sur la protection des donn\u00e9es \u00e0 caract\u00e8re personnel et la garantie des droits num\u00e9riques. En ce qui concerne les communications de vos donn\u00e9es personnelles contenues dans la section suivante, la base juridique qui l\u00e9gitime ce traitement est la n\u00e9cessit\u00e9 de respecter les obligations l\u00e9gales qui nous sont applicables. <\/p>\n<p><strong>Donn\u00e9es des fournisseurs :<\/strong> la base juridique qui l\u00e9gitime le traitement des donn\u00e9es \u00e0 caract\u00e8re personnel est leur n\u00e9cessit\u00e9 pour l&#8217;ex\u00e9cution du contrat auquel ils sont parties et, le cas \u00e9ch\u00e9ant, pour la satisfaction d&#8217;un int\u00e9r\u00eat l\u00e9gitime, conform\u00e9ment \u00e0 l&#8217;article 19.1 de la loi organique 3\/2018, du 5 d\u00e9cembre, sur la protection des donn\u00e9es \u00e0 caract\u00e8re personnel et la garantie des droits num\u00e9riques. En ce qui concerne les communications de vos donn\u00e9es personnelles contenues dans la section suivante, la base juridique qui l\u00e9gitime ce traitement est la n\u00e9cessit\u00e9 de respecter les obligations l\u00e9gales qui nous sont applicables. <\/p>\n<p>En ce qui concerne les donn\u00e9es personnelles des employ\u00e9s de certains fournisseurs, la base juridique du traitement de vos donn\u00e9es personnelles est la n\u00e9cessit\u00e9 de respecter les obligations d\u00e9coulant de la loi 31\/1995, du 8 novembre, sur la pr\u00e9vention des risques professionnels, sur la coordination des activit\u00e9s des entreprises et du d\u00e9cret royal 171\/2004, du 30 janvier, qui met en \u0153uvre l&#8217;article 24 de la m\u00eame loi.<\/p>\n<p><strong>Donn\u00e9es relatives au personnel :<\/strong> la base juridique qui l\u00e9gitime le traitement des donn\u00e9es personnelles est leur n\u00e9cessit\u00e9 pour l&#8217;ex\u00e9cution du contrat auquel elles sont parties.<\/p>\n<p><strong>Donn\u00e9es des candidats :<\/strong> la base juridique qui l\u00e9gitime le traitement de vos donn\u00e9es personnelles est la n\u00e9cessit\u00e9 de mettre en \u0153uvre des mesures pr\u00e9contractuelles \u00e0 la demande de la personne concern\u00e9e.<\/p>\n<p><strong>Donn\u00e9es collect\u00e9es via le formulaire de contact :<\/strong> la base juridique qui l\u00e9gitime le traitement des donn\u00e9es personnelles fournies par les int\u00e9ress\u00e9s est leur n\u00e9cessit\u00e9 pour l&#8217;ex\u00e9cution de la relation juridique qui na\u00eet en nous contactant et, par cons\u00e9quent, pour g\u00e9rer les requ\u00eates ou les demandes qu&#8217;ils nous adressent.<\/p>\n<p><strong>Donn\u00e9es des utilisateurs de nos profils sur les r\u00e9seaux sociaux :<\/strong> la base juridique du traitement de vos donn\u00e9es personnelles est le consentement donn\u00e9 lorsque vous nous suivez sur nos r\u00e9seaux sociaux, ce traitement \u00e9tant donc n\u00e9cessaire pour interagir avec les utilisateurs (par exemple, pour r\u00e9pondre aux commentaires).<\/p>\n<h5>\u00c0 quels destinataires vos donn\u00e9es personnelles seront-elles divulgu\u00e9es ?<\/h5>\n<p>Les donn\u00e9es personnelles d&#8217;identification et de facturation des clients et des fournisseurs seront communiqu\u00e9es, le cas \u00e9ch\u00e9ant, aux autorit\u00e9s fiscales pour l&#8217;accomplissement des obligations l\u00e9gales et fiscales, ainsi qu&#8217;\u00e0 l&#8217;institution financi\u00e8re par laquelle l&#8217;entreprise g\u00e8re l&#8217;encaissement de ses produits et services ou le paiement des factures re\u00e7ues.<\/p>\n<p>Dans d&#8217;autres cas, nous ne communiquerons vos donn\u00e9es personnelles que si cela est n\u00e9cessaire \u00e0 l&#8217;ex\u00e9cution du contrat ou au respect des obligations l\u00e9gales, comme c&#8217;est le cas avec les commissaires aux comptes, conform\u00e9ment aux dispositions du d\u00e9cret royal l\u00e9gislatif 1\/2010, du 2 juillet, qui approuve le texte r\u00e9vis\u00e9 de la loi sur les soci\u00e9t\u00e9s de capitaux.<\/p>\n<p>Dans le reste du traitement, les donn\u00e9es ne seront pas communiqu\u00e9es \u00e0 des tiers, \u00e0 moins que cela ne soit n\u00e9cessaire \u00e0 l&#8217;ex\u00e9cution d&#8217;un contrat ou au respect d&#8217;obligations l\u00e9gales.<\/p>\n<p>De m\u00eame, pour certaines autres questions, nous utilisons les services de tiers, qui agissent en tant que responsables du traitement des donn\u00e9es, avec lesquels nous avons sign\u00e9 le contrat de traitement des donn\u00e9es correspondant conform\u00e9ment aux dispositions de l&#8217;article 28.3 du r\u00e8glement g\u00e9n\u00e9ral sur la protection des donn\u00e9es.<\/p>\n<h5>Transferts internationaux de donn\u00e9es<\/h5>\n<p>Nous n&#8217;effectuons pas de transferts internationaux de donn\u00e9es, sans pr\u00e9judice des dispositions \u00e0 cet effet concernant les cookies utilis\u00e9s par ce site Web, que vous pouvez consulter dans la section correspondante de notre <a href=\"https:\/\/www.gruposdiferenciales.es\/fr\/politique-en-matiere-de-cookies\/\">Politique en mati\u00e8re de cookies<\/a>.<\/p>\n<h5>Combien de temps conservons-nous vos donn\u00e9es personnelles ?<\/h5>\n<p><strong>Donn\u00e9es relatives aux clients, aux fournisseurs et aux employ\u00e9s :<\/strong> les donn\u00e9es \u00e0 caract\u00e8re personnel seront conserv\u00e9es pendant la dur\u00e9e de la relation contractuelle concern\u00e9e et, apr\u00e8s la fin de la relation contractuelle, aussi longtemps que n\u00e9cessaire pour se conformer aux obligations l\u00e9gales.<\/p>\n<p>Toutefois, nous conservons les donn\u00e9es \u00e0 caract\u00e8re personnel des sous-traitants et de leurs employ\u00e9s pendant la dur\u00e9e de chaque coordination d&#8217;activit\u00e9 commerciale et, apr\u00e8s la fin de la relation contractuelle, pendant la dur\u00e9e du d\u00e9lai de prescription.<\/p>\n<p><strong>Donn\u00e9es relatives aux candidats:<\/strong> les donn\u00e9es personnelles des candidats seront conserv\u00e9es pendant une p\u00e9riode maximale de deux ans.<\/p>\n<p><strong>Donn\u00e9es collect\u00e9es par le biais du formulaire de contact :<\/strong> les donn\u00e9es personnelles fournies par les utilisateurs, le cas \u00e9ch\u00e9ant, seront conserv\u00e9es uniquement pendant la gestion des questions ou des demandes qu&#8217;ils nous adressent et, par la suite, pendant les p\u00e9riodes n\u00e9cessaires au respect des obligations l\u00e9gales.<\/p>\n<p><strong>Donn\u00e9es des utilisateurs de nos profils sur les r\u00e9seaux sociaux :<\/strong> les d\u00e9lais de conservation des donn\u00e9es personnelles des personnes qui nous suivent sur les r\u00e9seaux sociaux d\u00e9pendent des politiques de chaque r\u00e9seau social, mais nous ne les traiterons que jusqu&#8217;\u00e0 ce qu&#8217;elles cessent de nous suivre.<\/p>\n<h5>Quels sont vos droits lorsque vous nous fournissez vos donn\u00e9es personnelles ?<\/h5>\n<ul>\n<li><strong>Droit de demander l&#8217;acc\u00e8s \u00e0 vos donn\u00e9es personnelles : <\/strong>afin de conna\u00eetre et de v\u00e9rifier la l\u00e9galit\u00e9 du traitement, vous pouvez nous demander \u00e0 tout moment de confirmer que Grupos Diferenciales, S.A. traite vos donn\u00e9es personnelles et, le cas \u00e9ch\u00e9ant, nous vous informerons, entre autres, des donn\u00e9es que nous traitons, de leur finalit\u00e9, de l&#8217;origine des donn\u00e9es, de la dur\u00e9e pr\u00e9vue de conservation des donn\u00e9es et, le cas \u00e9ch\u00e9ant, des destinataires ou des cat\u00e9gories de destinataires.<\/li>\n<li><strong>Droit de demander la rectification :<\/strong> Vous pouvez nous demander de rectifier des donn\u00e9es \u00e0 caract\u00e8re personnel inexactes ou de compl\u00e9ter des donn\u00e9es \u00e0 caract\u00e8re personnel incompl\u00e8tes, y compris au moyen d&#8217;une d\u00e9claration compl\u00e9mentaire. Dans ce cas, vous devez indiquer dans votre demande les donn\u00e9es que vous demandez et la correction \u00e0 apporter et, si n\u00e9cessaire, nous fournir une preuve documentaire de l&#8217;inexactitude ou du caract\u00e8re incomplet des donn\u00e9es faisant l&#8217;objet du traitement. <\/li>\n<li><strong>Droit de demander l&#8217;effacement (\u00ab droit \u00e0 l&#8217;oubli \u00bb) : <\/strong>vous pouvez demander que vos donn\u00e9es \u00e0 caract\u00e8re personnel soient effac\u00e9es et ne soient plus trait\u00e9es si elles ne sont plus n\u00e9cessaires aux fins pour lesquelles elles ont \u00e9t\u00e9 collect\u00e9es ou trait\u00e9es d&#8217;une autre mani\u00e8re, si vous retirez votre consentement, si elles ont \u00e9t\u00e9 trait\u00e9es ill\u00e9galement ou si elles doivent \u00eatre effac\u00e9es pour respecter une obligation l\u00e9gale.<\/li>\n<li><strong>Droit de demander la limitation du traitement de vos donn\u00e9es personnelles : <\/strong>dans ce cas, Grupos Diferenciales, S.A. ne conservera vos donn\u00e9es personnelles que pour la formulation, l&#8217;exercice ou la d\u00e9fense de r\u00e9clamations, ou pour la protection des droits d&#8217;une autre personne physique ou morale ou pour des raisons d&#8217;int\u00e9r\u00eat public important.<\/li>\n<li><strong>Droit \u00e0 la portabilit\u00e9 de vos donn\u00e9es \u00e0 caract\u00e8re personnel :<\/strong> vous pouvez nous demander de vous fournir vos donn\u00e9es \u00e0 caract\u00e8re personnel ou de les fournir \u00e0 un autre responsable du traitement que vous indiquerez, dans un format structur\u00e9, couramment utilis\u00e9 et lisible par machine.<\/li>\n<li><strong>Droit d&#8217;opposition au traitement :<\/strong> Grupos Diferenciales, S.A. cessera de traiter vos donn\u00e9es personnelles de la mani\u00e8re indiqu\u00e9e, \u00e0 moins que nous ne devions continuer \u00e0 les traiter pour des raisons l\u00e9gitimes imp\u00e9rieuses ou pour la formulation, l&#8217;exercice ou la d\u00e9fense d&#8217;\u00e9ventuelles r\u00e9clamations.<\/li>\n<\/ul>\n<p><strong>Comment exercer vos droits en mati\u00e8re de protection des donn\u00e9es :<\/strong> pour exercer vos droits, vous devez nous adresser une demande \u00e9crite \u00e0 Grupos Diferenciales, S.A., Portal de Bergara, n\u00ba 32, C.P. 01013 de Vitoria (\u00c1lava), ou envoyer un courrier \u00e9lectronique \u00e0 dataprotection@gruposdiferenciales.es. Nous pouvons demander une copie de votre carte d&#8217;identit\u00e9 si cela est n\u00e9cessaire pour prouver votre identit\u00e9. <\/p>\n<p>Grupos Diferenciales, S.A. r\u00e9pondra \u00e0 toutes les demandes dans les termes et conditions requis par la l\u00e9gislation en vigueur sur la protection des donn\u00e9es personnelles.<\/p>\n<p><strong>Comment d\u00e9poser une plainte aupr\u00e8s de l&#8217;Agence espagnole de protection des donn\u00e9es :<\/strong> si vous estimez que nous n&#8217;avons pas trait\u00e9 correctement vos donn\u00e9es personnelles ou que nous n&#8217;avons pas donn\u00e9 suite \u00e0 l&#8217;exercice de vos droits en mati\u00e8re de protection des donn\u00e9es, vous pouvez d\u00e9poser une plainte aupr\u00e8s de l&#8217;Agence espagnole de protection des donn\u00e9es, soit par l&#8217;interm\u00e9diaire de son si\u00e8ge \u00e9lectronique, soit \u00e0 son adresse, calle Jorge Juan, n\u00ba 6, C.P. 28001, Madrid.<\/p>\n<p>De plus amples informations sur les droits de protection des donn\u00e9es et les plaintes aupr\u00e8s de l&#8217;autorit\u00e9 de contr\u00f4le sont disponibles \u00e0 l&#8217;adresse suivante : www.aepd.es.<\/p>\n<h5>S\u00e9curit\u00e9<\/h5>\n<p>Conform\u00e9ment aux dispositions de l&#8217;article 32 du R\u00e8glement g\u00e9n\u00e9ral sur la protection des donn\u00e9es, Grupos Diferenciales, S.A. a adopt\u00e9 les mesures techniques et organisationnelles appropri\u00e9es pour garantir un niveau de s\u00e9curit\u00e9 adapt\u00e9 au risque.<\/p>\n<p>Pour \u00e9valuer le caract\u00e8re ad\u00e9quat du niveau de s\u00e9curit\u00e9, il a \u00e9t\u00e9 tenu compte en particulier des risques pr\u00e9sent\u00e9s par le traitement des donn\u00e9es, notamment en raison de la destruction accidentelle ou illicite, de la perte ou de l&#8217;alt\u00e9ration de donn\u00e9es \u00e0 caract\u00e8re personnel transmises, conserv\u00e9es ou trait\u00e9es d&#8217;une autre mani\u00e8re, ou de la communication ou de l&#8217;acc\u00e8s non autoris\u00e9 \u00e0 ces donn\u00e9es.<\/p>\n<h5>Obligation de secret<\/h5>\n<p>Grupos Diferenciales, S.A. a adopt\u00e9 des mesures visant \u00e0 garantir que toute personne agissant sous son autorit\u00e9 et ayant acc\u00e8s aux donn\u00e9es personnelles fournies par les utilisateurs ne puisse les traiter que sur instruction de l&#8217;entreprise, et qu&#8217;elle garde le secret professionnel correspondant \u00e0 leur sujet, qui durera ind\u00e9finiment.<\/p>\n<p>\u00c0 cette fin, nos employ\u00e9s ont sign\u00e9 un document de confidentialit\u00e9 et d&#8217;obligation de secret concernant les informations et les donn\u00e9es personnelles qu&#8217;ils traitent dans le cadre de leur relation de travail avec l&#8217;entreprise.<\/p>\n<h5>Utilisation du site par des mineurs<\/h5>\n<p>Nous prions les utilisateurs de lire les politiques relatives \u00e0 l&#8217;utilisation du site Web par des mineurs que nous avons publi\u00e9es dans les \u00ab <a href=\"https:\/\/www.gruposdiferenciales.es\/fr\/avis-juridique\/\">Mentions l\u00e9gales<\/a> \u00bb de notre site Web.<\/p>\n<h5>R\u00e9seaux sociaux<\/h5>\n<p><strong>Profils sur les r\u00e9seaux sociaux :<\/strong> Grupos Diferenciales, S.A. poss\u00e8de des profils sur certains des principaux r\u00e9seaux sociaux actuels, ce qui peut donner lieu \u00e0 un traitement des donn\u00e9es personnelles de nos followers, des personnes qui apparaissent dans les publications que nous r\u00e9alisons (par exemple, des photographies) et des personnes qui nous envoient des messages priv\u00e9s.<\/p>\n<p><strong>Traitement des donn\u00e9es et finalit\u00e9 :<\/strong> le traitement des donn\u00e9es effectu\u00e9 par Grupos Diferenciales, S.A. est limit\u00e9 et conditionn\u00e9 aux politiques et fonctionnalit\u00e9s de chaque r\u00e9seau social.<\/p>\n<p>Lorsqu&#8217;un utilisateur devient notre suiveur sur un r\u00e9seau social, il nous autorise \u00e0 utiliser ses donn\u00e9es personnelles uniquement dans le cadre du r\u00e9seau social correspondant pour la gestion de notre page ou profil et les communications bidirectionnelles que nous entretenons avec nos suiveurs par le biais de chats, de messages ou d&#8217;autres moyens de communication que le r\u00e9seau social permet actuellement et \u00e0 l&#8217;avenir. Cela implique que nous aurons acc\u00e8s aux informations de votre profil qui apparaissent dans le commentaire, par exemple et sans limitation, votre nom d&#8217;utilisateur, votre image (dans le cas o\u00f9 l&#8217;utilisateur a mis une image sur votre profil), et les commentaires faits. <\/p>\n<p>Nous souhaitons \u00e9galement vous informer que, lorsqu&#8217;un utilisateur devient un de nos followers, les nouvelles que nous publions peuvent \u00e9galement appara\u00eetre sur son mur et que, s&#8217;il fait des commentaires sur notre mur, ses commentaires ainsi que le nom de son profil et, le cas \u00e9ch\u00e9ant, la photo qu&#8217;il a sur son profil, seront accessibles aux autres followers. En tout \u00e9tat de cause, l&#8217;utilisateur est responsable de l&#8217;utilisation qu&#8217;il fait du r\u00e9seau social. <\/p>\n<p>Nous n&#8217;utiliserons pas les donn\u00e9es personnelles des utilisateurs \u00e0 des fins autres que celles indiqu\u00e9es dans les paragraphes pr\u00e9c\u00e9dents ou pour leur envoyer des informations par le biais d&#8217;un environnement autre que le r\u00e9seau social.<\/p>\n<p>Nous n&#8217;extrairons pas leurs donn\u00e9es personnelles de l&#8217;environnement du r\u00e9seau social, \u00e0 moins que l&#8217;int\u00e9ress\u00e9 ne donne son consentement ou ne nous le demande pour r\u00e9pondre \u00e0 une demande qu&#8217;il a formul\u00e9e.<\/p>\n<p><strong>L\u00e9gitimation du traitement : <\/strong>la base juridique qui l\u00e9gitime le traitement des donn\u00e9es personnelles de nos followers est le consentement qu&#8217;ils donnent lorsqu&#8217;ils nous suivent.<\/p>\n<p><strong>Destinataires des donn\u00e9es :<\/strong> nous ne communiquerons pas \u00e0 des tiers ni ne proc\u00e9derons \u00e0 des transferts internationaux des donn\u00e9es personnelles de nos followers, \u00e0 moins que cela ne soit n\u00e9cessaire pour se conformer \u00e0 une obligation l\u00e9gale. Ceci est sans pr\u00e9judice du fait que les commentaires publics faits sur nos r\u00e9seaux sociaux par les personnes qui nous suivent et nos r\u00e9ponses seront vus par le reste des personnes qui nous suivent. <\/p>\n<p><strong>P\u00e9riode de conservation des donn\u00e9es :<\/strong> les p\u00e9riodes de conservation des donn\u00e9es personnelles de nos followers sur les r\u00e9seaux sociaux d\u00e9pendent des politiques de chaque r\u00e9seau social, bien que nous ne les traiterons que jusqu&#8217;\u00e0 ce qu&#8217;ils cessent de nous suivre.<\/p>\n<p><strong>Droits de protection des donn\u00e9es :<\/strong> en ce qui concerne les droits d&#8217;acc\u00e8s, de rectification ou d&#8217;effacement, de limitation du traitement, d&#8217;opposition et de portabilit\u00e9 de vos donn\u00e9es personnelles, nous ne pouvons agir que conform\u00e9ment aux possibilit\u00e9s que chaque r\u00e9seau social autorise \u00e0 cette fin. Grupos Diferenciales, S.A. fournira toute l&#8217;assistance possible \u00e0 l&#8217;int\u00e9ress\u00e9 pour exercer ces droits. <\/p>\n<p>Toute personne qui nous suit peut \u00e0 tout moment se d\u00e9sinscrire de notre page ou de notre profil afin que nous n&#8217;ayons plus acc\u00e8s \u00e0 ses donn\u00e9es personnelles, bien que le r\u00e9seau social puisse conserver les commentaires pr\u00e9c\u00e9demment faits sur notre mur.<\/p>\n<p>Dans tous les cas, l&#8217;utilisation du r\u00e9seau social rel\u00e8ve de la responsabilit\u00e9 de l&#8217;utilisateur, et Grupos Diferenciales, S.A. n&#8217;assume donc aucune responsabilit\u00e9 \u00e0 cet \u00e9gard.<\/p>\n<p>Vous pouvez consulter ci-dessous la politique de confidentialit\u00e9 du r\u00e9seau social sur lequel Grupos Diferenciales, S.A. poss\u00e8de une page ou un profil :<\/p>\n<ul>\n<li>LinkedIn : <a href=\"https:\/\/es.linkedin.com\/legal\/privacy-policy\" target=\"_blank\" rel=\"noopener\">Politique de confidentialit\u00e9<\/a><\/li>\n<\/ul>\n<h5>Cookies<\/h5>\n<p>Les cookies sont de petits fichiers texte qui sont stock\u00e9s sur le disque dur ou dans la m\u00e9moire de l&#8217;ordinateur qui acc\u00e8de ou visite les pages de certains sites web, afin que les pr\u00e9f\u00e9rences de l&#8217;utilisateur puissent \u00eatre connues lors de la reconnexion. Les cookies stock\u00e9s sur le disque dur de l&#8217;utilisateur ne peuvent pas lire les donn\u00e9es qu&#8217;ils contiennent, ni acc\u00e9der aux informations personnelles, ni lire les cookies cr\u00e9\u00e9s par d&#8217;autres fournisseurs. <\/p>\n<p>Voir les informations sur les cookies utilis\u00e9s sur ce site web dans la section \u00ab <a href=\"https:\/\/www.gruposdiferenciales.es\/fr\/politique-en-matiere-de-cookies\/\">Politique en mati\u00e8re de cookies<\/a> \u00bb.<\/p>\n<p><em><strong>Texte dat\u00e9 du : 14 juin 2024<\/strong><\/em><\/p>\n\t\t\t\t\t\t\t\t<\/div>\n\t\t\t\t<\/div>\n\t\t\t\t\t<\/div>\n\t\t<\/div>\n\t\t\t\t\t<\/div>\n\t\t<\/section>\n\t\t\t\t<\/div>\n\t\t","protected":false},"excerpt":{"rendered":"<p>Politique de confidentialit\u00e9 Leaders en conception et fabrication d&#8217;engrenages Chez Grupos Diferenciales, S.A., nous sommes soucieux des donn\u00e9es personnelles que nous traitons et du respect exact de la r\u00e9glementation en vigueur en mati\u00e8re de protection des donn\u00e9es personnelles, entre autres, le R\u00e8glement (UE) 2016\/679 du Parlement europ\u00e9en et du Conseil du 27 avril 2016 relatif [&hellip;]<\/p>\n","protected":false},"author":1,"featured_media":0,"parent":0,"menu_order":0,"comment_status":"closed","ping_status":"closed","template":"","meta":{"inline_featured_image":false,"footnotes":""},"class_list":["post-3135","page","type-page","status-publish","hentry"],"yoast_head":"<!-- This site is optimized with the Yoast SEO plugin v26.3 - https:\/\/yoast.com\/wordpress\/plugins\/seo\/ -->\n<title>Politique de confidentialit\u00e9 - Grupos Diferenciales<\/title>\n<meta name=\"description\" content=\"D\u00e9couvrez la politique de confidentialit\u00e9 de Grupos Differentiales, S.A. et comment nous prot\u00e9geons vos donn\u00e9es personnelles conform\u00e9ment \u00e0 la r\u00e9glementation en vigueur.\" \/>\n<meta name=\"robots\" content=\"index, follow, max-snippet:-1, max-image-preview:large, max-video-preview:-1\" \/>\n<link rel=\"canonical\" href=\"https:\/\/www.gruposdiferenciales.es\/fr\/politique-de-confidentialite\/\" \/>\n<meta property=\"og:locale\" content=\"fr_FR\" \/>\n<meta property=\"og:type\" content=\"article\" \/>\n<meta property=\"og:title\" content=\"Politique de confidentialit\u00e9 - Grupos Diferenciales\" \/>\n<meta property=\"og:description\" content=\"D\u00e9couvrez la politique de confidentialit\u00e9 de Grupos Differentiales, S.A. et comment nous prot\u00e9geons vos donn\u00e9es personnelles conform\u00e9ment \u00e0 la r\u00e9glementation en vigueur.\" \/>\n<meta property=\"og:url\" content=\"https:\/\/www.gruposdiferenciales.es\/fr\/politique-de-confidentialite\/\" \/>\n<meta property=\"og:site_name\" content=\"Grupos Diferenciales\" \/>\n<meta property=\"article:modified_time\" content=\"2024-12-02T12:06:24+00:00\" \/>\n<meta name=\"twitter:card\" content=\"summary_large_image\" \/>\n<meta name=\"twitter:label1\" content=\"Dur\u00e9e de lecture estim\u00e9e\" \/>\n\t<meta name=\"twitter:data1\" content=\"19 minutes\" \/>\n<script type=\"application\/ld+json\" class=\"yoast-schema-graph\">{\"@context\":\"https:\/\/schema.org\",\"@graph\":[{\"@type\":\"WebPage\",\"@id\":\"https:\/\/www.gruposdiferenciales.es\/fr\/politique-de-confidentialite\/\",\"url\":\"https:\/\/www.gruposdiferenciales.es\/fr\/politique-de-confidentialite\/\",\"name\":\"Politique de confidentialit\u00e9 - Grupos Diferenciales\",\"isPartOf\":{\"@id\":\"https:\/\/www.gruposdiferenciales.es\/fr\/#website\"},\"datePublished\":\"2021-10-14T19:22:55+00:00\",\"dateModified\":\"2024-12-02T12:06:24+00:00\",\"description\":\"D\u00e9couvrez la politique de confidentialit\u00e9 de Grupos Differentiales, S.A. et comment nous prot\u00e9geons vos donn\u00e9es personnelles conform\u00e9ment \u00e0 la r\u00e9glementation en vigueur.\",\"breadcrumb\":{\"@id\":\"https:\/\/www.gruposdiferenciales.es\/fr\/politique-de-confidentialite\/#breadcrumb\"},\"inLanguage\":\"fr-FR\",\"potentialAction\":[{\"@type\":\"ReadAction\",\"target\":[\"https:\/\/www.gruposdiferenciales.es\/fr\/politique-de-confidentialite\/\"]}]},{\"@type\":\"BreadcrumbList\",\"@id\":\"https:\/\/www.gruposdiferenciales.es\/fr\/politique-de-confidentialite\/#breadcrumb\",\"itemListElement\":[{\"@type\":\"ListItem\",\"position\":1,\"name\":\"Portada\",\"item\":\"https:\/\/www.gruposdiferenciales.es\/fr\/grupos-diferenciales-accueil\/\"},{\"@type\":\"ListItem\",\"position\":2,\"name\":\"Politique de confidentialit\u00e9\"}]},{\"@type\":\"WebSite\",\"@id\":\"https:\/\/www.gruposdiferenciales.es\/fr\/#website\",\"url\":\"https:\/\/www.gruposdiferenciales.es\/fr\/\",\"name\":\"Grupos Diferenciales\",\"description\":\"Dise\u00f1o y fabricaci\u00f3n de engranajes y subconjuntos\",\"publisher\":{\"@id\":\"https:\/\/www.gruposdiferenciales.es\/fr\/#organization\"},\"potentialAction\":[{\"@type\":\"SearchAction\",\"target\":{\"@type\":\"EntryPoint\",\"urlTemplate\":\"https:\/\/www.gruposdiferenciales.es\/fr\/?s={search_term_string}\"},\"query-input\":{\"@type\":\"PropertyValueSpecification\",\"valueRequired\":true,\"valueName\":\"search_term_string\"}}],\"inLanguage\":\"fr-FR\"},{\"@type\":\"Organization\",\"@id\":\"https:\/\/www.gruposdiferenciales.es\/fr\/#organization\",\"name\":\"Grupos Diferenciales\",\"url\":\"https:\/\/www.gruposdiferenciales.es\/fr\/\",\"logo\":{\"@type\":\"ImageObject\",\"inLanguage\":\"fr-FR\",\"@id\":\"https:\/\/www.gruposdiferenciales.es\/fr\/#\/schema\/logo\/image\/\",\"url\":\"https:\/\/www.gruposdiferenciales.es\/wp-content\/uploads\/2024\/05\/logo-grupos-diferenciales.svg\",\"contentUrl\":\"https:\/\/www.gruposdiferenciales.es\/wp-content\/uploads\/2024\/05\/logo-grupos-diferenciales.svg\",\"width\":170,\"height\":49,\"caption\":\"Grupos Diferenciales\"},\"image\":{\"@id\":\"https:\/\/www.gruposdiferenciales.es\/fr\/#\/schema\/logo\/image\/\"}}]}<\/script>\n<!-- \/ Yoast SEO plugin. -->","yoast_head_json":{"title":"Politique de confidentialit\u00e9 - Grupos Diferenciales","description":"D\u00e9couvrez la politique de confidentialit\u00e9 de Grupos Differentiales, S.A. et comment nous prot\u00e9geons vos donn\u00e9es personnelles conform\u00e9ment \u00e0 la r\u00e9glementation en vigueur.","robots":{"index":"index","follow":"follow","max-snippet":"max-snippet:-1","max-image-preview":"max-image-preview:large","max-video-preview":"max-video-preview:-1"},"canonical":"https:\/\/www.gruposdiferenciales.es\/fr\/politique-de-confidentialite\/","og_locale":"fr_FR","og_type":"article","og_title":"Politique de confidentialit\u00e9 - Grupos Diferenciales","og_description":"D\u00e9couvrez la politique de confidentialit\u00e9 de Grupos Differentiales, S.A. et comment nous prot\u00e9geons vos donn\u00e9es personnelles conform\u00e9ment \u00e0 la r\u00e9glementation en vigueur.","og_url":"https:\/\/www.gruposdiferenciales.es\/fr\/politique-de-confidentialite\/","og_site_name":"Grupos Diferenciales","article_modified_time":"2024-12-02T12:06:24+00:00","twitter_card":"summary_large_image","twitter_misc":{"Dur\u00e9e de lecture estim\u00e9e":"19 minutes"},"schema":{"@context":"https:\/\/schema.org","@graph":[{"@type":"WebPage","@id":"https:\/\/www.gruposdiferenciales.es\/fr\/politique-de-confidentialite\/","url":"https:\/\/www.gruposdiferenciales.es\/fr\/politique-de-confidentialite\/","name":"Politique de confidentialit\u00e9 - Grupos Diferenciales","isPartOf":{"@id":"https:\/\/www.gruposdiferenciales.es\/fr\/#website"},"datePublished":"2021-10-14T19:22:55+00:00","dateModified":"2024-12-02T12:06:24+00:00","description":"D\u00e9couvrez la politique de confidentialit\u00e9 de Grupos Differentiales, S.A. et comment nous prot\u00e9geons vos donn\u00e9es personnelles conform\u00e9ment \u00e0 la r\u00e9glementation en vigueur.","breadcrumb":{"@id":"https:\/\/www.gruposdiferenciales.es\/fr\/politique-de-confidentialite\/#breadcrumb"},"inLanguage":"fr-FR","potentialAction":[{"@type":"ReadAction","target":["https:\/\/www.gruposdiferenciales.es\/fr\/politique-de-confidentialite\/"]}]},{"@type":"BreadcrumbList","@id":"https:\/\/www.gruposdiferenciales.es\/fr\/politique-de-confidentialite\/#breadcrumb","itemListElement":[{"@type":"ListItem","position":1,"name":"Portada","item":"https:\/\/www.gruposdiferenciales.es\/fr\/grupos-diferenciales-accueil\/"},{"@type":"ListItem","position":2,"name":"Politique de confidentialit\u00e9"}]},{"@type":"WebSite","@id":"https:\/\/www.gruposdiferenciales.es\/fr\/#website","url":"https:\/\/www.gruposdiferenciales.es\/fr\/","name":"Grupos Diferenciales","description":"Dise\u00f1o y fabricaci\u00f3n de engranajes y subconjuntos","publisher":{"@id":"https:\/\/www.gruposdiferenciales.es\/fr\/#organization"},"potentialAction":[{"@type":"SearchAction","target":{"@type":"EntryPoint","urlTemplate":"https:\/\/www.gruposdiferenciales.es\/fr\/?s={search_term_string}"},"query-input":{"@type":"PropertyValueSpecification","valueRequired":true,"valueName":"search_term_string"}}],"inLanguage":"fr-FR"},{"@type":"Organization","@id":"https:\/\/www.gruposdiferenciales.es\/fr\/#organization","name":"Grupos Diferenciales","url":"https:\/\/www.gruposdiferenciales.es\/fr\/","logo":{"@type":"ImageObject","inLanguage":"fr-FR","@id":"https:\/\/www.gruposdiferenciales.es\/fr\/#\/schema\/logo\/image\/","url":"https:\/\/www.gruposdiferenciales.es\/wp-content\/uploads\/2024\/05\/logo-grupos-diferenciales.svg","contentUrl":"https:\/\/www.gruposdiferenciales.es\/wp-content\/uploads\/2024\/05\/logo-grupos-diferenciales.svg","width":170,"height":49,"caption":"Grupos Diferenciales"},"image":{"@id":"https:\/\/www.gruposdiferenciales.es\/fr\/#\/schema\/logo\/image\/"}}]}},"_links":{"self":[{"href":"https:\/\/www.gruposdiferenciales.es\/fr\/wp-json\/wp\/v2\/pages\/3135","targetHints":{"allow":["GET"]}}],"collection":[{"href":"https:\/\/www.gruposdiferenciales.es\/fr\/wp-json\/wp\/v2\/pages"}],"about":[{"href":"https:\/\/www.gruposdiferenciales.es\/fr\/wp-json\/wp\/v2\/types\/page"}],"author":[{"embeddable":true,"href":"https:\/\/www.gruposdiferenciales.es\/fr\/wp-json\/wp\/v2\/users\/1"}],"replies":[{"embeddable":true,"href":"https:\/\/www.gruposdiferenciales.es\/fr\/wp-json\/wp\/v2\/comments?post=3135"}],"version-history":[{"count":6,"href":"https:\/\/www.gruposdiferenciales.es\/fr\/wp-json\/wp\/v2\/pages\/3135\/revisions"}],"predecessor-version":[{"id":3543,"href":"https:\/\/www.gruposdiferenciales.es\/fr\/wp-json\/wp\/v2\/pages\/3135\/revisions\/3543"}],"wp:attachment":[{"href":"https:\/\/www.gruposdiferenciales.es\/fr\/wp-json\/wp\/v2\/media?parent=3135"}],"curies":[{"name":"wp","href":"https:\/\/api.w.org\/{rel}","templated":true}]}}